{"id":2932,"date":"2024-07-15T07:10:32","date_gmt":"2024-07-15T05:10:32","guid":{"rendered":"https:\/\/spozarow.pl\/?page_id=2932"},"modified":"2024-07-15T07:23:37","modified_gmt":"2024-07-15T05:23:37","slug":"wyprawka-pierwszoklasisty","status":"publish","type":"page","link":"https:\/\/spozarow.pl\/?page_id=2932","title":{"rendered":"Wyprawka pierwszoklasisty"},"content":{"rendered":"\t\t<div data-elementor-type=\"wp-page\" data-elementor-id=\"2932\" class=\"elementor elementor-2932\">\n\t\t\t\t<div class=\"elementor-element elementor-element-9b69db1 e-flex e-con-boxed e-con e-parent\" data-id=\"9b69db1\" data-element_type=\"container\" data-e-type=\"container\">\n\t\t\t\t\t<div class=\"e-con-inner\">\n\t\t\t\t<div class=\"elementor-element elementor-element-c4ded3a elementor-widget elementor-widget-heading\" data-id=\"c4ded3a\" data-element_type=\"widget\" data-e-type=\"widget\" data-widget_type=\"heading.default\">\n\t\t\t\t<div class=\"elementor-widget-container\">\n\t\t\t\t\t<h2 class=\"elementor-heading-title elementor-size-default\">Drodzy rodzice! Wkr\u00f3tce Wasze dziecko rozpocznie kolejny etap edukacyjny. W klasie I zalecamy nast\u0119puj\u0105c\u0105 wyprawk\u0119 dla uczni\u00f3w <img decoding=\"async\" role=\"img\" class=\"emoji\" alt=\"\ud83d\udc47\" src=\"https:\/\/s.w.org\/images\/core\/emoji\/15.0.3\/svg\/1f447.svg\"><\/h2>\t\t\t\t<\/div>\n\t\t\t\t<\/div>\n\t\t\t\t\t<\/div>\n\t\t\t\t<\/div>\n\t\t<div class=\"elementor-element elementor-element-02211d2 e-flex e-con-boxed e-con e-parent\" data-id=\"02211d2\" data-element_type=\"container\" data-e-type=\"container\">\n\t\t\t\t\t<div class=\"e-con-inner\">\n\t\t\t\t<div class=\"elementor-element elementor-element-d48a778 elementor-widget elementor-widget-button\" data-id=\"d48a778\" data-element_type=\"widget\" data-e-type=\"widget\" data-widget_type=\"button.default\">\n\t\t\t\t<div class=\"elementor-widget-container\">\n\t\t\t\t\t\t\t\t\t<div class=\"elementor-button-wrapper\">\n\t\t\t\t\t<a class=\"elementor-button elementor-button-link elementor-size-sm\" href=\"\" target=\"_blank\">\n\t\t\t\t\t\t<span class=\"elementor-button-content-wrapper\">\n\t\t\t\t\t\t\t\t\t<span class=\"elementor-button-text\">Do pobrania<\/span>\n\t\t\t\t\t<\/span>\n\t\t\t\t\t<\/a>\n\t\t\t\t<\/div>\n\t\t\t\t\t\t\t\t<\/div>\n\t\t\t\t<\/div>\n\t\t\t\t\t<\/div>\n\t\t\t\t<\/div>\n\t\t<div class=\"elementor-element elementor-element-34a1e0c e-flex e-con-boxed e-con e-parent\" data-id=\"34a1e0c\" data-element_type=\"container\" data-e-type=\"container\">\n\t\t\t\t\t<div class=\"e-con-inner\">\n\t\t\t\t<div class=\"elementor-element elementor-element-4ae570f elementor-widget elementor-widget-text-editor\" data-id=\"4ae570f\" data-element_type=\"widget\" data-e-type=\"widget\" data-widget_type=\"text-editor.default\">\n\t\t\t\t<div class=\"elementor-widget-container\">\n\t\t\t\t\t\t\t\t\t<p><strong>WYPRAWKA PIERWSZOKLASISTY 2024\/2025<\/strong><\/p><p><strong>PODPISANE POMOCE PLASTYCZNE, KT\u00d3RE B\u0118D\u0104 W SZKOLE:<\/strong><\/p><ul><li>plastelina 2x,<\/li><li>farby plakatowe,<\/li><li>farby akwarelowe,<\/li><li>3 p\u0119dzle o r\u00f3\u017cnej grubo\u015bci w\u0142o\u017cone do farbek,<\/li><li>kredki \u015bwiecowe,<\/li><li>flamastry,<\/li><li>2 x klej magiczny (oklei\u0107 plastrem i podpisa\u0107),<\/li><li>1 papier kolorowy, tzw. wycinanka w formacie A4,<\/li><li>2 bloki rysunkowe kolorowe,<\/li><li>2 teczki formatu A4,<\/li><li>1 blok techniczny bia\u0142y,<\/li><li>2 bloki techniczne kolorowe,<\/li><li>ryza papieru na semestr,<\/li><li>r\u0119cznik papierowy, chusteczki higieniczne, chusteczki mokre.<\/li><\/ul><p><strong>PI\u00d3RNIK, A W NIM: <\/strong>2 mi\u0119kkie o\u0142\u00f3wki, gumka, temper\u00f3wka, kredki o\u0142\u00f3wkowe dobrej jako\u015bci (np. Bambino), zaokr\u0105glone no\u017cyczki, klej w sztyfcie, linijka 15cm.<\/p><p><strong>ZESZYTY PODPISANE NA PRZEDNIEJ OK\u0141ADCE:<\/strong><\/p><ul><li>2 zeszyty w kratk\u0119 16-kartkowe (\u201ej\u0119zyk niemiecki\u201d, \u201ej\u0119zyk angielski\u201d);<\/li><li>2 zeszyty w 3-linie w formacie a5 z wyra\u017anie zaznaczon\u0105 czerwon\u0105 lini\u0105 (\u201eedukacja polonistyczna\u201d);<\/li><li>1 zeszyt w kratk\u0119 w formacie a5 16-kartkowy lub 32-kartkowy (\u201eedukacja matematyczna\u201d).<\/li><\/ul><p><strong>STR\u00d3J NA ZAJ\u0118CIA SPORTOWE:<\/strong> koszulka z kr\u00f3tkim r\u0119kawem, kr\u00f3tkie spodenki\/ spodnie dresowe\/ getry, obuwie sportowe z gumow\u0105 (jasn\u0105) podeszw\u0105.<\/p><p><strong>STR\u00d3J GALOWY NA UROCZYSTO\u015aCI SZKOLNE:<\/strong> bia\u0142a bluzka, ciemne spodnie lub sp\u00f3dnica.<\/p>\t\t\t\t\t\t\t\t<\/div>\n\t\t\t\t<\/div>\n\t\t\t\t\t<\/div>\n\t\t\t\t<\/div>\n\t\t\t\t<\/div>\n\t\t","protected":false},"excerpt":{"rendered":"<p>Drodzy rodzice! Wkr\u00f3tce Wasze dziecko rozpocznie kolejny etap edukacyjny. W klasie I zalecamy nast\u0119puj\u0105c\u0105 wyprawk\u0119 dla uczni\u00f3w Do pobrania WYPRAWKA PIERWSZOKLASISTY 2024\/2025 PODPISANE POMOCE PLASTYCZNE, KT\u00d3RE B\u0118D\u0104 W SZKOLE: plastelina 2x, farby plakatowe, farby akwarelowe, 3 p\u0119dzle o r\u00f3\u017cnej grubo\u015bci w\u0142o\u017cone do farbek, kredki \u015bwiecowe, flamastry, 2 x klej magiczny&hellip;<\/p>\n","protected":false},"author":2,"featured_media":0,"parent":0,"menu_order":0,"comment_status":"closed","ping_status":"closed","template":"","meta":{"footnotes":""},"class_list":["post-2932","page","type-page","status-publish","hentry"],"yoast_head":"<!-- This site is optimized with the Yoast SEO plugin v27.4 - https:\/\/yoast.com\/product\/yoast-seo-wordpress\/ -->\n<title>Wyprawka pierwszoklasisty - Stowarzyszenie Na Rzecz Rozwoju Zespo\u0142u Szk\u00f3\u0142 w O\u017carowie im. Marii Sk\u0142odowskiej \u2013 Curie<\/title>\n<meta name=\"robots\" content=\"index, follow, max-snippet:-1, max-image-preview:large, max-video-preview:-1\" \/>\n<link rel=\"canonical\" href=\"https:\/\/spozarow.pl\/?page_id=2932\" \/>\n<meta property=\"og:locale\" content=\"pl_PL\" \/>\n<meta property=\"og:type\" content=\"article\" \/>\n<meta property=\"og:title\" content=\"Wyprawka pierwszoklasisty - Stowarzyszenie Na Rzecz Rozwoju Zespo\u0142u Szk\u00f3\u0142 w O\u017carowie im. Marii Sk\u0142odowskiej \u2013 Curie\" \/>\n<meta property=\"og:description\" content=\"Drodzy rodzice! Wkr\u00f3tce Wasze dziecko rozpocznie kolejny etap edukacyjny. W klasie I zalecamy nast\u0119puj\u0105c\u0105 wyprawk\u0119 dla uczni\u00f3w Do pobrania WYPRAWKA PIERWSZOKLASISTY 2024\/2025 PODPISANE POMOCE PLASTYCZNE, KT\u00d3RE B\u0118D\u0104 W SZKOLE: plastelina 2x, farby plakatowe, farby akwarelowe, 3 p\u0119dzle o r\u00f3\u017cnej grubo\u015bci w\u0142o\u017cone do farbek, kredki \u015bwiecowe, flamastry, 2 x klej magiczny&hellip;\" \/>\n<meta property=\"og:url\" content=\"https:\/\/spozarow.pl\/?page_id=2932\" \/>\n<meta property=\"og:site_name\" content=\"Stowarzyszenie Na Rzecz Rozwoju Zespo\u0142u Szk\u00f3\u0142 w O\u017carowie im. Marii Sk\u0142odowskiej \u2013 Curie\" \/>\n<meta property=\"article:modified_time\" content=\"2024-07-15T05:23:37+00:00\" \/>\n<meta property=\"og:image\" content=\"https:\/\/s.w.org\/images\/core\/emoji\/15.0.3\/svg\/1f447.svg\" \/>\n<meta name=\"twitter:card\" content=\"summary_large_image\" \/>\n<meta name=\"twitter:label1\" content=\"Szacowany czas czytania\" \/>\n\t<meta name=\"twitter:data1\" content=\"2 minuty\" \/>\n<script type=\"application\/ld+json\" class=\"yoast-schema-graph\">{\"@context\":\"https:\\\/\\\/schema.org\",\"@graph\":[{\"@type\":\"WebPage\",\"@id\":\"https:\\\/\\\/spozarow.pl\\\/?page_id=2932\",\"url\":\"https:\\\/\\\/spozarow.pl\\\/?page_id=2932\",\"name\":\"Wyprawka pierwszoklasisty - Stowarzyszenie Na Rzecz Rozwoju Zespo\u0142u Szk\u00f3\u0142 w O\u017carowie im. Marii Sk\u0142odowskiej \u2013 Curie\",\"isPartOf\":{\"@id\":\"https:\\\/\\\/spozarow.pl\\\/#website\"},\"primaryImageOfPage\":{\"@id\":\"https:\\\/\\\/spozarow.pl\\\/?page_id=2932#primaryimage\"},\"image\":{\"@id\":\"https:\\\/\\\/spozarow.pl\\\/?page_id=2932#primaryimage\"},\"thumbnailUrl\":\"https:\\\/\\\/s.w.org\\\/images\\\/core\\\/emoji\\\/15.0.3\\\/svg\\\/1f447.svg\",\"datePublished\":\"2024-07-15T05:10:32+00:00\",\"dateModified\":\"2024-07-15T05:23:37+00:00\",\"breadcrumb\":{\"@id\":\"https:\\\/\\\/spozarow.pl\\\/?page_id=2932#breadcrumb\"},\"inLanguage\":\"pl-PL\",\"potentialAction\":[{\"@type\":\"ReadAction\",\"target\":[\"https:\\\/\\\/spozarow.pl\\\/?page_id=2932\"]}]},{\"@type\":\"ImageObject\",\"inLanguage\":\"pl-PL\",\"@id\":\"https:\\\/\\\/spozarow.pl\\\/?page_id=2932#primaryimage\",\"url\":\"https:\\\/\\\/s.w.org\\\/images\\\/core\\\/emoji\\\/15.0.3\\\/svg\\\/1f447.svg\",\"contentUrl\":\"https:\\\/\\\/s.w.org\\\/images\\\/core\\\/emoji\\\/15.0.3\\\/svg\\\/1f447.svg\"},{\"@type\":\"BreadcrumbList\",\"@id\":\"https:\\\/\\\/spozarow.pl\\\/?page_id=2932#breadcrumb\",\"itemListElement\":[{\"@type\":\"ListItem\",\"position\":1,\"name\":\"G\u0142\u00f3wna\",\"item\":\"https:\\\/\\\/spozarow.pl\\\/\"},{\"@type\":\"ListItem\",\"position\":2,\"name\":\"Wyprawka pierwszoklasisty\"}]},{\"@type\":\"WebSite\",\"@id\":\"https:\\\/\\\/spozarow.pl\\\/#website\",\"url\":\"https:\\\/\\\/spozarow.pl\\\/\",\"name\":\"Stowarzyszenie Na Rzecz Rozwoju Zespo\u0142u Szk\u00f3\u0142 w O\u017caroie im. Marii Sk\u0142odowskiej - Curie\",\"description\":\"\",\"publisher\":{\"@id\":\"https:\\\/\\\/spozarow.pl\\\/#organization\"},\"potentialAction\":[{\"@type\":\"SearchAction\",\"target\":{\"@type\":\"EntryPoint\",\"urlTemplate\":\"https:\\\/\\\/spozarow.pl\\\/?s={search_term_string}\"},\"query-input\":{\"@type\":\"PropertyValueSpecification\",\"valueRequired\":true,\"valueName\":\"search_term_string\"}}],\"inLanguage\":\"pl-PL\"},{\"@type\":\"Organization\",\"@id\":\"https:\\\/\\\/spozarow.pl\\\/#organization\",\"name\":\"Stowarzyszenie Na Rzecz Rozwoju Zespo\u0142u Szk\u00f3\u0142 w O\u017caroie im. Marii Sk\u0142odowskiej - Curie\",\"url\":\"https:\\\/\\\/spozarow.pl\\\/\",\"logo\":{\"@type\":\"ImageObject\",\"inLanguage\":\"pl-PL\",\"@id\":\"https:\\\/\\\/spozarow.pl\\\/#\\\/schema\\\/logo\\\/image\\\/\",\"url\":\"https:\\\/\\\/spozarow.pl\\\/wp-content\\\/uploads\\\/2023\\\/11\\\/logo-3.jpg\",\"contentUrl\":\"https:\\\/\\\/spozarow.pl\\\/wp-content\\\/uploads\\\/2023\\\/11\\\/logo-3.jpg\",\"width\":1872,\"height\":205,\"caption\":\"Stowarzyszenie Na Rzecz Rozwoju Zespo\u0142u Szk\u00f3\u0142 w O\u017caroie im. Marii Sk\u0142odowskiej - Curie\"},\"image\":{\"@id\":\"https:\\\/\\\/spozarow.pl\\\/#\\\/schema\\\/logo\\\/image\\\/\"}}]}<\/script>\n<!-- \/ Yoast SEO plugin. -->","yoast_head_json":{"title":"Wyprawka pierwszoklasisty - Stowarzyszenie Na Rzecz Rozwoju Zespo\u0142u Szk\u00f3\u0142 w O\u017carowie im. Marii Sk\u0142odowskiej \u2013 Curie","robots":{"index":"index","follow":"follow","max-snippet":"max-snippet:-1","max-image-preview":"max-image-preview:large","max-video-preview":"max-video-preview:-1"},"canonical":"https:\/\/spozarow.pl\/?page_id=2932","og_locale":"pl_PL","og_type":"article","og_title":"Wyprawka pierwszoklasisty - Stowarzyszenie Na Rzecz Rozwoju Zespo\u0142u Szk\u00f3\u0142 w O\u017carowie im. Marii Sk\u0142odowskiej \u2013 Curie","og_description":"Drodzy rodzice! Wkr\u00f3tce Wasze dziecko rozpocznie kolejny etap edukacyjny. W klasie I zalecamy nast\u0119puj\u0105c\u0105 wyprawk\u0119 dla uczni\u00f3w Do pobrania WYPRAWKA PIERWSZOKLASISTY 2024\/2025 PODPISANE POMOCE PLASTYCZNE, KT\u00d3RE B\u0118D\u0104 W SZKOLE: plastelina 2x, farby plakatowe, farby akwarelowe, 3 p\u0119dzle o r\u00f3\u017cnej grubo\u015bci w\u0142o\u017cone do farbek, kredki \u015bwiecowe, flamastry, 2 x klej magiczny&hellip;","og_url":"https:\/\/spozarow.pl\/?page_id=2932","og_site_name":"Stowarzyszenie Na Rzecz Rozwoju Zespo\u0142u Szk\u00f3\u0142 w O\u017carowie im. Marii Sk\u0142odowskiej \u2013 Curie","article_modified_time":"2024-07-15T05:23:37+00:00","og_image":[{"url":"https:\/\/s.w.org\/images\/core\/emoji\/15.0.3\/svg\/1f447.svg","type":"","width":"","height":""}],"twitter_card":"summary_large_image","twitter_misc":{"Szacowany czas czytania":"2 minuty"},"schema":{"@context":"https:\/\/schema.org","@graph":[{"@type":"WebPage","@id":"https:\/\/spozarow.pl\/?page_id=2932","url":"https:\/\/spozarow.pl\/?page_id=2932","name":"Wyprawka pierwszoklasisty - Stowarzyszenie Na Rzecz Rozwoju Zespo\u0142u Szk\u00f3\u0142 w O\u017carowie im. Marii Sk\u0142odowskiej \u2013 Curie","isPartOf":{"@id":"https:\/\/spozarow.pl\/#website"},"primaryImageOfPage":{"@id":"https:\/\/spozarow.pl\/?page_id=2932#primaryimage"},"image":{"@id":"https:\/\/spozarow.pl\/?page_id=2932#primaryimage"},"thumbnailUrl":"https:\/\/s.w.org\/images\/core\/emoji\/15.0.3\/svg\/1f447.svg","datePublished":"2024-07-15T05:10:32+00:00","dateModified":"2024-07-15T05:23:37+00:00","breadcrumb":{"@id":"https:\/\/spozarow.pl\/?page_id=2932#breadcrumb"},"inLanguage":"pl-PL","potentialAction":[{"@type":"ReadAction","target":["https:\/\/spozarow.pl\/?page_id=2932"]}]},{"@type":"ImageObject","inLanguage":"pl-PL","@id":"https:\/\/spozarow.pl\/?page_id=2932#primaryimage","url":"https:\/\/s.w.org\/images\/core\/emoji\/15.0.3\/svg\/1f447.svg","contentUrl":"https:\/\/s.w.org\/images\/core\/emoji\/15.0.3\/svg\/1f447.svg"},{"@type":"BreadcrumbList","@id":"https:\/\/spozarow.pl\/?page_id=2932#breadcrumb","itemListElement":[{"@type":"ListItem","position":1,"name":"G\u0142\u00f3wna","item":"https:\/\/spozarow.pl\/"},{"@type":"ListItem","position":2,"name":"Wyprawka pierwszoklasisty"}]},{"@type":"WebSite","@id":"https:\/\/spozarow.pl\/#website","url":"https:\/\/spozarow.pl\/","name":"Stowarzyszenie Na Rzecz Rozwoju Zespo\u0142u Szk\u00f3\u0142 w O\u017caroie im. Marii Sk\u0142odowskiej - Curie","description":"","publisher":{"@id":"https:\/\/spozarow.pl\/#organization"},"potentialAction":[{"@type":"SearchAction","target":{"@type":"EntryPoint","urlTemplate":"https:\/\/spozarow.pl\/?s={search_term_string}"},"query-input":{"@type":"PropertyValueSpecification","valueRequired":true,"valueName":"search_term_string"}}],"inLanguage":"pl-PL"},{"@type":"Organization","@id":"https:\/\/spozarow.pl\/#organization","name":"Stowarzyszenie Na Rzecz Rozwoju Zespo\u0142u Szk\u00f3\u0142 w O\u017caroie im. Marii Sk\u0142odowskiej - Curie","url":"https:\/\/spozarow.pl\/","logo":{"@type":"ImageObject","inLanguage":"pl-PL","@id":"https:\/\/spozarow.pl\/#\/schema\/logo\/image\/","url":"https:\/\/spozarow.pl\/wp-content\/uploads\/2023\/11\/logo-3.jpg","contentUrl":"https:\/\/spozarow.pl\/wp-content\/uploads\/2023\/11\/logo-3.jpg","width":1872,"height":205,"caption":"Stowarzyszenie Na Rzecz Rozwoju Zespo\u0142u Szk\u00f3\u0142 w O\u017caroie im. Marii Sk\u0142odowskiej - Curie"},"image":{"@id":"https:\/\/spozarow.pl\/#\/schema\/logo\/image\/"}}]}},"_links":{"self":[{"href":"https:\/\/spozarow.pl\/index.php?rest_route=\/wp\/v2\/pages\/2932","targetHints":{"allow":["GET"]}}],"collection":[{"href":"https:\/\/spozarow.pl\/index.php?rest_route=\/wp\/v2\/pages"}],"about":[{"href":"https:\/\/spozarow.pl\/index.php?rest_route=\/wp\/v2\/types\/page"}],"author":[{"embeddable":true,"href":"https:\/\/spozarow.pl\/index.php?rest_route=\/wp\/v2\/users\/2"}],"replies":[{"embeddable":true,"href":"https:\/\/spozarow.pl\/index.php?rest_route=%2Fwp%2Fv2%2Fcomments&post=2932"}],"version-history":[{"count":22,"href":"https:\/\/spozarow.pl\/index.php?rest_route=\/wp\/v2\/pages\/2932\/revisions"}],"predecessor-version":[{"id":2958,"href":"https:\/\/spozarow.pl\/index.php?rest_route=\/wp\/v2\/pages\/2932\/revisions\/2958"}],"wp:attachment":[{"href":"https:\/\/spozarow.pl\/index.php?rest_route=%2Fwp%2Fv2%2Fmedia&parent=2932"}],"curies":[{"name":"wp","href":"https:\/\/api.w.org\/{rel}","templated":true}]}}