{"id":2046,"date":"2023-11-28T08:40:28","date_gmt":"2023-11-28T07:40:28","guid":{"rendered":"https:\/\/spozarow.pl\/?page_id=2046"},"modified":"2023-11-28T09:04:10","modified_gmt":"2023-11-28T08:04:10","slug":"o-zlobku","status":"publish","type":"page","link":"https:\/\/spozarow.pl\/?page_id=2046","title":{"rendered":"O \u017b\u0142obku&#8230;"},"content":{"rendered":"\t\t<div data-elementor-type=\"wp-page\" data-elementor-id=\"2046\" class=\"elementor elementor-2046\">\n\t\t\t\t<div class=\"elementor-element elementor-element-2a06e927 e-flex e-con-boxed e-con e-parent\" data-id=\"2a06e927\" data-element_type=\"container\" data-e-type=\"container\">\n\t\t\t\t\t<div class=\"e-con-inner\">\n\t\t\t\t<div class=\"elementor-element elementor-element-5f05150c elementor-widget elementor-widget-text-editor\" data-id=\"5f05150c\" data-element_type=\"widget\" data-e-type=\"widget\" data-widget_type=\"text-editor.default\">\n\t\t\t\t<div class=\"elementor-widget-container\">\n\t\t\t\t\t\t\t\t\t<p>Nasz \u017c\u0142obek powsta\u0142 w ramach projektu finansowanego\u00a0 ze \u015brodk\u00f3w: <strong>Regionalnego Programu Operacyjnego Wojew\u00f3dztwa \u015awi\u0119tokrzyskiego na lata 2014-2020, kt\u00f3ry wchodzi\u0142 w sk\u0142ad <\/strong><strong>Europejskiego Funduszu Spo\u0142ecznego. Tytu\u0142 Projektu to: \u017b\u0142obek \u201eu Sk\u0142odowskiej\u201d w O\u017carowie.\u00a0 Projekt realizowany by\u0142 na terenie wojew\u00f3dztwa \u015bwi\u0119tokrzyskiego, w powiecie opatowskim, w gminie O\u017car\u00f3w.<\/strong><\/p><p>Wnioskodawc\u0105 (beneficjentem) projektu jest<strong>: STOWAZYSZENIE NA RZECZ ROZWOJU ZESPO\u0141U SZK\u00d3\u0141 W O\u017bAROWIE IM. MARII SK\u0141ODOWSKIEJ-CURIE oraz <\/strong><strong>ZESP\u00d3\u0141 SZK\u00d3\u0141 W O\u017bAROWIE IM. MARII SK\u0141ODOWSKIEJ \u2013 CURIE. <\/strong>Realizacja projektu trwa\u0142a: <strong>01.08.2017 \u2013 31.07. 2019. Kwota dofinansowania: 1 448 199, 43 z\u0142; wk\u0142ad w\u0142asny: 259 100,00 z\u0142. <\/strong><strong>Celem projektu by\u0142o zwi\u0119kszanie poziomu aktywacji zawodowej i zatrudnienia w\u015br\u00f3d os\u00f3b sprawuj\u0105cy opiek\u0119 nad dzie\u0107mi do lat 3.<\/strong> Utworzenie \u017c\u0142obka na terenie Gminy O\u017car\u00f3w stworzy\u0142o mo\u017cliwo\u015b\u0107 powrotu do pracy os\u00f3b, kt\u00f3rzy do tej pory sprawowali opiek\u0119 na dzieckiem, a co za tym idzie zwi\u0119kszy\u0142o aktywno\u015b\u0107 na rynku pracy i stworzy\u0142o wi\u0119ksze mo\u017cliwo\u015bci zatrudnienia. W wyniku realizacji projektu a\u017c 90% os\u00f3b powr\u00f3ci do pracy po urlopie macierzy\u0144skim lub rodzicielskim oraz ok. 90% os\u00f3b nie zatrudnionych podejmie prac\u0119 dzi\u0119ki zapewnieniu fachowej opieki na dzie\u0107mi przez \u017c\u0142obek<\/p><p style=\"text-align: center;\"><span style=\"color: #ff0000;\"><em><strong>PROJEKT ZOSTA\u0141 ZAKO\u0143CZONY I ROZLICZONY!!!<\/strong><\/em><\/span><strong> <br \/><\/strong><\/p><p>Obecnie nasz \u017c\u0142obek oferuje 30 miejsc dla dzieci w wieku od 20 tygodnia \u017cycia do 3 lat. Pracujemy od godz. 6.30 do 16.30. Opiek\u0119 sprawuj\u0105 panie z wiwloletnim do\u015bwiadczeniem, a wspomaga je w pracy i opiece wykwalifikowana piel\u0119gniarka.<\/p>\t\t\t\t\t\t\t\t<\/div>\n\t\t\t\t<\/div>\n\t\t\t\t\t<\/div>\n\t\t\t\t<\/div>\n\t\t\t\t<\/div>\n\t\t","protected":false},"excerpt":{"rendered":"<p>Nasz \u017c\u0142obek powsta\u0142 w ramach projektu finansowanego\u00a0 ze \u015brodk\u00f3w: Regionalnego Programu Operacyjnego Wojew\u00f3dztwa \u015awi\u0119tokrzyskiego na lata 2014-2020, kt\u00f3ry wchodzi\u0142 w sk\u0142ad Europejskiego Funduszu Spo\u0142ecznego. Tytu\u0142 Projektu to: \u017b\u0142obek \u201eu Sk\u0142odowskiej\u201d w O\u017carowie.\u00a0 Projekt realizowany by\u0142 na terenie wojew\u00f3dztwa \u015bwi\u0119tokrzyskiego, w powiecie opatowskim, w gminie O\u017car\u00f3w. Wnioskodawc\u0105 (beneficjentem) projektu jest: STOWAZYSZENIE&hellip;<\/p>\n","protected":false},"author":1,"featured_media":0,"parent":0,"menu_order":0,"comment_status":"closed","ping_status":"closed","template":"","meta":{"footnotes":""},"class_list":["post-2046","page","type-page","status-publish","hentry"],"yoast_head":"<!-- This site is optimized with the Yoast SEO plugin v27.4 - https:\/\/yoast.com\/product\/yoast-seo-wordpress\/ -->\n<title>O \u017b\u0142obku... - Stowarzyszenie Na Rzecz Rozwoju Zespo\u0142u Szk\u00f3\u0142 w O\u017carowie im. Marii Sk\u0142odowskiej \u2013 Curie<\/title>\n<meta name=\"robots\" content=\"index, follow, max-snippet:-1, max-image-preview:large, max-video-preview:-1\" \/>\n<link rel=\"canonical\" href=\"https:\/\/spozarow.pl\/?page_id=2046\" \/>\n<meta property=\"og:locale\" content=\"pl_PL\" \/>\n<meta property=\"og:type\" content=\"article\" \/>\n<meta property=\"og:title\" content=\"O \u017b\u0142obku... - Stowarzyszenie Na Rzecz Rozwoju Zespo\u0142u Szk\u00f3\u0142 w O\u017carowie im. Marii Sk\u0142odowskiej \u2013 Curie\" \/>\n<meta property=\"og:description\" content=\"Nasz \u017c\u0142obek powsta\u0142 w ramach projektu finansowanego\u00a0 ze \u015brodk\u00f3w: Regionalnego Programu Operacyjnego Wojew\u00f3dztwa \u015awi\u0119tokrzyskiego na lata 2014-2020, kt\u00f3ry wchodzi\u0142 w sk\u0142ad Europejskiego Funduszu Spo\u0142ecznego. Tytu\u0142 Projektu to: \u017b\u0142obek \u201eu Sk\u0142odowskiej\u201d w O\u017carowie.\u00a0 Projekt realizowany by\u0142 na terenie wojew\u00f3dztwa \u015bwi\u0119tokrzyskiego, w powiecie opatowskim, w gminie O\u017car\u00f3w. Wnioskodawc\u0105 (beneficjentem) projektu jest: STOWAZYSZENIE&hellip;\" \/>\n<meta property=\"og:url\" content=\"https:\/\/spozarow.pl\/?page_id=2046\" \/>\n<meta property=\"og:site_name\" content=\"Stowarzyszenie Na Rzecz Rozwoju Zespo\u0142u Szk\u00f3\u0142 w O\u017carowie im. Marii Sk\u0142odowskiej \u2013 Curie\" \/>\n<meta property=\"article:modified_time\" content=\"2023-11-28T08:04:10+00:00\" \/>\n<meta name=\"twitter:card\" content=\"summary_large_image\" \/>\n<meta name=\"twitter:label1\" content=\"Szacowany czas czytania\" \/>\n\t<meta name=\"twitter:data1\" content=\"2 minuty\" \/>\n<script type=\"application\/ld+json\" class=\"yoast-schema-graph\">{\"@context\":\"https:\\\/\\\/schema.org\",\"@graph\":[{\"@type\":\"WebPage\",\"@id\":\"https:\\\/\\\/spozarow.pl\\\/?page_id=2046\",\"url\":\"https:\\\/\\\/spozarow.pl\\\/?page_id=2046\",\"name\":\"O \u017b\u0142obku... - Stowarzyszenie Na Rzecz Rozwoju Zespo\u0142u Szk\u00f3\u0142 w O\u017carowie im. Marii Sk\u0142odowskiej \u2013 Curie\",\"isPartOf\":{\"@id\":\"https:\\\/\\\/spozarow.pl\\\/#website\"},\"datePublished\":\"2023-11-28T07:40:28+00:00\",\"dateModified\":\"2023-11-28T08:04:10+00:00\",\"breadcrumb\":{\"@id\":\"https:\\\/\\\/spozarow.pl\\\/?page_id=2046#breadcrumb\"},\"inLanguage\":\"pl-PL\",\"potentialAction\":[{\"@type\":\"ReadAction\",\"target\":[\"https:\\\/\\\/spozarow.pl\\\/?page_id=2046\"]}]},{\"@type\":\"BreadcrumbList\",\"@id\":\"https:\\\/\\\/spozarow.pl\\\/?page_id=2046#breadcrumb\",\"itemListElement\":[{\"@type\":\"ListItem\",\"position\":1,\"name\":\"G\u0142\u00f3wna\",\"item\":\"https:\\\/\\\/spozarow.pl\\\/\"},{\"@type\":\"ListItem\",\"position\":2,\"name\":\"O \u017b\u0142obku&#8230;\"}]},{\"@type\":\"WebSite\",\"@id\":\"https:\\\/\\\/spozarow.pl\\\/#website\",\"url\":\"https:\\\/\\\/spozarow.pl\\\/\",\"name\":\"Stowarzyszenie Na Rzecz Rozwoju Zespo\u0142u Szk\u00f3\u0142 w O\u017caroie im. Marii Sk\u0142odowskiej - Curie\",\"description\":\"\",\"publisher\":{\"@id\":\"https:\\\/\\\/spozarow.pl\\\/#organization\"},\"potentialAction\":[{\"@type\":\"SearchAction\",\"target\":{\"@type\":\"EntryPoint\",\"urlTemplate\":\"https:\\\/\\\/spozarow.pl\\\/?s={search_term_string}\"},\"query-input\":{\"@type\":\"PropertyValueSpecification\",\"valueRequired\":true,\"valueName\":\"search_term_string\"}}],\"inLanguage\":\"pl-PL\"},{\"@type\":\"Organization\",\"@id\":\"https:\\\/\\\/spozarow.pl\\\/#organization\",\"name\":\"Stowarzyszenie Na Rzecz Rozwoju Zespo\u0142u Szk\u00f3\u0142 w O\u017caroie im. Marii Sk\u0142odowskiej - Curie\",\"url\":\"https:\\\/\\\/spozarow.pl\\\/\",\"logo\":{\"@type\":\"ImageObject\",\"inLanguage\":\"pl-PL\",\"@id\":\"https:\\\/\\\/spozarow.pl\\\/#\\\/schema\\\/logo\\\/image\\\/\",\"url\":\"https:\\\/\\\/spozarow.pl\\\/wp-content\\\/uploads\\\/2023\\\/11\\\/logo-3.jpg\",\"contentUrl\":\"https:\\\/\\\/spozarow.pl\\\/wp-content\\\/uploads\\\/2023\\\/11\\\/logo-3.jpg\",\"width\":1872,\"height\":205,\"caption\":\"Stowarzyszenie Na Rzecz Rozwoju Zespo\u0142u Szk\u00f3\u0142 w O\u017caroie im. Marii Sk\u0142odowskiej - Curie\"},\"image\":{\"@id\":\"https:\\\/\\\/spozarow.pl\\\/#\\\/schema\\\/logo\\\/image\\\/\"}}]}<\/script>\n<!-- \/ Yoast SEO plugin. -->","yoast_head_json":{"title":"O \u017b\u0142obku... - Stowarzyszenie Na Rzecz Rozwoju Zespo\u0142u Szk\u00f3\u0142 w O\u017carowie im. Marii Sk\u0142odowskiej \u2013 Curie","robots":{"index":"index","follow":"follow","max-snippet":"max-snippet:-1","max-image-preview":"max-image-preview:large","max-video-preview":"max-video-preview:-1"},"canonical":"https:\/\/spozarow.pl\/?page_id=2046","og_locale":"pl_PL","og_type":"article","og_title":"O \u017b\u0142obku... - Stowarzyszenie Na Rzecz Rozwoju Zespo\u0142u Szk\u00f3\u0142 w O\u017carowie im. Marii Sk\u0142odowskiej \u2013 Curie","og_description":"Nasz \u017c\u0142obek powsta\u0142 w ramach projektu finansowanego\u00a0 ze \u015brodk\u00f3w: Regionalnego Programu Operacyjnego Wojew\u00f3dztwa \u015awi\u0119tokrzyskiego na lata 2014-2020, kt\u00f3ry wchodzi\u0142 w sk\u0142ad Europejskiego Funduszu Spo\u0142ecznego. Tytu\u0142 Projektu to: \u017b\u0142obek \u201eu Sk\u0142odowskiej\u201d w O\u017carowie.\u00a0 Projekt realizowany by\u0142 na terenie wojew\u00f3dztwa \u015bwi\u0119tokrzyskiego, w powiecie opatowskim, w gminie O\u017car\u00f3w. Wnioskodawc\u0105 (beneficjentem) projektu jest: STOWAZYSZENIE&hellip;","og_url":"https:\/\/spozarow.pl\/?page_id=2046","og_site_name":"Stowarzyszenie Na Rzecz Rozwoju Zespo\u0142u Szk\u00f3\u0142 w O\u017carowie im. Marii Sk\u0142odowskiej \u2013 Curie","article_modified_time":"2023-11-28T08:04:10+00:00","twitter_card":"summary_large_image","twitter_misc":{"Szacowany czas czytania":"2 minuty"},"schema":{"@context":"https:\/\/schema.org","@graph":[{"@type":"WebPage","@id":"https:\/\/spozarow.pl\/?page_id=2046","url":"https:\/\/spozarow.pl\/?page_id=2046","name":"O \u017b\u0142obku... - Stowarzyszenie Na Rzecz Rozwoju Zespo\u0142u Szk\u00f3\u0142 w O\u017carowie im. Marii Sk\u0142odowskiej \u2013 Curie","isPartOf":{"@id":"https:\/\/spozarow.pl\/#website"},"datePublished":"2023-11-28T07:40:28+00:00","dateModified":"2023-11-28T08:04:10+00:00","breadcrumb":{"@id":"https:\/\/spozarow.pl\/?page_id=2046#breadcrumb"},"inLanguage":"pl-PL","potentialAction":[{"@type":"ReadAction","target":["https:\/\/spozarow.pl\/?page_id=2046"]}]},{"@type":"BreadcrumbList","@id":"https:\/\/spozarow.pl\/?page_id=2046#breadcrumb","itemListElement":[{"@type":"ListItem","position":1,"name":"G\u0142\u00f3wna","item":"https:\/\/spozarow.pl\/"},{"@type":"ListItem","position":2,"name":"O \u017b\u0142obku&#8230;"}]},{"@type":"WebSite","@id":"https:\/\/spozarow.pl\/#website","url":"https:\/\/spozarow.pl\/","name":"Stowarzyszenie Na Rzecz Rozwoju Zespo\u0142u Szk\u00f3\u0142 w O\u017caroie im. Marii Sk\u0142odowskiej - Curie","description":"","publisher":{"@id":"https:\/\/spozarow.pl\/#organization"},"potentialAction":[{"@type":"SearchAction","target":{"@type":"EntryPoint","urlTemplate":"https:\/\/spozarow.pl\/?s={search_term_string}"},"query-input":{"@type":"PropertyValueSpecification","valueRequired":true,"valueName":"search_term_string"}}],"inLanguage":"pl-PL"},{"@type":"Organization","@id":"https:\/\/spozarow.pl\/#organization","name":"Stowarzyszenie Na Rzecz Rozwoju Zespo\u0142u Szk\u00f3\u0142 w O\u017caroie im. Marii Sk\u0142odowskiej - Curie","url":"https:\/\/spozarow.pl\/","logo":{"@type":"ImageObject","inLanguage":"pl-PL","@id":"https:\/\/spozarow.pl\/#\/schema\/logo\/image\/","url":"https:\/\/spozarow.pl\/wp-content\/uploads\/2023\/11\/logo-3.jpg","contentUrl":"https:\/\/spozarow.pl\/wp-content\/uploads\/2023\/11\/logo-3.jpg","width":1872,"height":205,"caption":"Stowarzyszenie Na Rzecz Rozwoju Zespo\u0142u Szk\u00f3\u0142 w O\u017caroie im. Marii Sk\u0142odowskiej - Curie"},"image":{"@id":"https:\/\/spozarow.pl\/#\/schema\/logo\/image\/"}}]}},"_links":{"self":[{"href":"https:\/\/spozarow.pl\/index.php?rest_route=\/wp\/v2\/pages\/2046","targetHints":{"allow":["GET"]}}],"collection":[{"href":"https:\/\/spozarow.pl\/index.php?rest_route=\/wp\/v2\/pages"}],"about":[{"href":"https:\/\/spozarow.pl\/index.php?rest_route=\/wp\/v2\/types\/page"}],"author":[{"embeddable":true,"href":"https:\/\/spozarow.pl\/index.php?rest_route=\/wp\/v2\/users\/1"}],"replies":[{"embeddable":true,"href":"https:\/\/spozarow.pl\/index.php?rest_route=%2Fwp%2Fv2%2Fcomments&post=2046"}],"version-history":[{"count":19,"href":"https:\/\/spozarow.pl\/index.php?rest_route=\/wp\/v2\/pages\/2046\/revisions"}],"predecessor-version":[{"id":2068,"href":"https:\/\/spozarow.pl\/index.php?rest_route=\/wp\/v2\/pages\/2046\/revisions\/2068"}],"wp:attachment":[{"href":"https:\/\/spozarow.pl\/index.php?rest_route=%2Fwp%2Fv2%2Fmedia&parent=2046"}],"curies":[{"name":"wp","href":"https:\/\/api.w.org\/{rel}","templated":true}]}}